{"id":117,"date":"2020-04-02T14:10:01","date_gmt":"2020-04-02T14:10:01","guid":{"rendered":"http:\/\/versicherungsmakler.site\/?page_id=117"},"modified":"2021-05-20T09:55:14","modified_gmt":"2021-05-20T09:55:14","slug":"fotohaftpflicht-pro","status":"publish","type":"page","link":"https:\/\/versicherungsmakler.site\/?page_id=117","title":{"rendered":"FotoHAFTpflicht PRO"},"content":{"rendered":"<p><a href=\"http:\/\/ihr-versicherungsmakler.com\/wp-content\/uploads\/2015\/03\/Fotolia_106327884_Subscription_Monthly_M.jpg\"><img decoding=\"async\" loading=\"lazy\" class=\"aligncenter wp-image-146 size-large\" src=\"http:\/\/versicherungsmakler.site\/wp-content\/uploads\/2021\/05\/image-1024x727.jpeg\" alt=\"\" width=\"604\" height=\"429\" srcset=\"https:\/\/versicherungsmakler.site\/wp-content\/uploads\/2021\/05\/image-1024x727.jpeg 1024w, https:\/\/versicherungsmakler.site\/wp-content\/uploads\/2021\/05\/image-300x213.jpeg 300w, https:\/\/versicherungsmakler.site\/wp-content\/uploads\/2021\/05\/image-768x545.jpeg 768w, https:\/\/versicherungsmakler.site\/wp-content\/uploads\/2021\/05\/image-1536x1090.jpeg 1536w, https:\/\/versicherungsmakler.site\/wp-content\/uploads\/2021\/05\/image.jpeg 1636w\" sizes=\"(max-width: 604px) 100vw, 604px\" \/><\/a><\/p>\n<h2 style=\"text-align: center;\"><strong>Die Berufshaftpflichtversicherung<br \/>\nf\u00fcr Fotografen inkl. Drohnenhaftpflicht<br \/>\nab 94 \u20ac<\/strong><\/h2>\n<p>Bei einem Shooting werden die daf\u00fcr gemietete Requisiten besch\u00e4digt. Ein Passant f\u00e4llt \u00fcber das von Ihnen verlegte Kabel oder \u00fcber die abgestellte Tasche und verletzt sich schwer. Beim Empfang des B\u00fcrgermeisters bringen Sie versehentlich einen anderen Fotografen zu Fall wobei dessen Ausr\u00fcstung besch\u00e4digt wird. \u00a0Beim Flug mit der Drohne<br \/>\nbei einer Hochzeitsgesellschaft st\u00fcrzt diese pl\u00f6tzlich ab und verletzt mehrere Personen.<br \/>\nVor den Folgen all dieser Ereignisse sichert Sie die fotoHAFTpflicht ab !<\/p>\n<p>JETZT BEANTRAGEN:\u00a0<img decoding=\"async\" title=\"\" src=\"http:\/\/www.fotoversicherung.com\/wp-content\/plugins\/wp-downloadmanager\/images\/ext\/pdf.gif\" alt=\"\" \/>\u00a0\u00a0<strong><a href=\"https:\/\/www.fotoversicherung.com\/download\/Antrag-ONLINE-fotoHAFTpflicht-03-2021-mit-Bedingungen-NV.pdf\">Antrag FotoHAFTpflicht ONLINE<\/a><\/strong><\/p>\n<p><strong>Warum ist diese Versicherung so wichtig?<\/strong><\/p>\n<p>Verursachen Sie oder Ihre Mitarbeiter, Personen-, Sach- oder Verm\u00f6genssch\u00e4den, k\u00f6nnen sehr schnell hohe Schadensersatzanspr\u00fcche auf Sie zukommen. Das kann jederzeit passieren: bei Kunden, Vertragspartnern, Lieferanten, bei einem Workshop in Ihrem Studio und in der \u00d6ffentlichkeit. <strong>Ihre\u00a0Privathaftpflicht greift in diesen F\u00e4llen nicht !<\/strong><\/p>\n<p><strong>F\u00fcr wen ist diese Versicherung geeignet?<\/strong><\/p>\n<p>Diese Versicherung richtet sich speziell an selbst\u00e4ndige Foto- und Videografen, Kameraleute, Digital Operator und an Amateure die ihr Hobby im gr\u00f6\u00dferen Umfang betreiben.<\/p>\n<h3>Die Highlights unseres Produkts:<\/h3>\n<ul>\n<li>Versicherungsschutz w\u00e4hrend der Aus\u00fcbung Ihrer Beruflichen T\u00e4tigkeit<\/li>\n<li>Optional mit Privathaftpflicht<\/li>\n<li>Versicherungssumme wahlweise 3, 5 oder 10 Mio. \u20ac f\u00fcr Personen- und Sachsch\u00e4den<\/li>\n<li>Inkl. gewerbliche\u00a0<strong>Drohnenhaftpflicht<\/strong>\u00a0innerhalb Deutschlands mit einer Versicherungssumme von 1 Mio. \u20ac\u00a0ohne Mehrkosten<\/li>\n<li>Sch\u00e4den durch <strong>Verletzung von Pers\u00f6nlichkeitsrechten<\/strong><\/li>\n<li>Durchf\u00fchrung von und Teilnahme an Ausstellungen, Vortr\u00e4gen und Workshops<\/li>\n<li><strong>Weltweiter Versicherungsschutz<\/strong> auch bei vor\u00fcbergehender T\u00e4tigkeit in den<br \/>\n<strong>USA und Kanada<\/strong><\/li>\n<li>Sch\u00e4den an <strong>gemieteten Requisiten<\/strong><\/li>\n<li>Nutzung von Internettechnologien<\/li>\n<li><strong>Mietsachsch\u00e4den<\/strong><\/li>\n<li>Mietsachsch\u00e4den bei Gesch\u00e4ftsreisen<\/li>\n<li>Verlust von Schl\u00fcsseln\/Codekarten<\/li>\n<li>Sch\u00e4den an Leitungen und deren Folgen<\/li>\n<li>T\u00e4tigkeitssch\u00e4den<\/li>\n<li>Be- und Entladesch\u00e4den<\/li>\n<li>Haus und Grundbesitz (in Firmenbesitz: unbegrenzt, in Privatbesitz: bis zu 50.000 \u20ac j\u00e4hrliche Mieteinnahmen)<\/li>\n<li>Eigene Bauvorhaben bis 1 Mio. \u20ac Bausumme, auch privat<\/li>\n<li>Nachhaftung<\/li>\n<li>Umweltsch\u00e4den<\/li>\n<\/ul>\n<p>&nbsp;<\/p>\n<p><strong>Wann greift die fotoHAFTpflicht ?<\/strong><\/p>\n<p>Die Betriebs-\/Berufshaftpflicht entsch\u00e4digt bei<\/p>\n<ol>\n<li><strong>Personensch\u00e4den<\/strong>: Krankenhaus-, Arzt-, Rehabilitationskosten, Schmerzensgeld, Verdienstausfall und Renten bis 3, 5 oder 10 Mio. \u20ac<\/li>\n<li><strong>Sachsch\u00e4den<\/strong>: Wertersatz f\u00fcr besch\u00e4digte oder zerst\u00f6rte Sachen, Ersatz aller Kosten und Aufw\u00e4nde f\u00fcr Sachverst\u00e4ndige, Spezialisten und Juristen bis\u00a03, 5 oder 10 Mio. \u20ac<\/li>\n<li><strong>Verm\u00f6genssch\u00e4den<\/strong>\u00a0bis zu 500.000 \u20ac<\/li>\n<\/ol>\n<h3><\/h3>\n<h3>Die Kosten<\/h3>\n<p>Diesen umfangreichen Versicherungsschutz k\u00f6nnen wir Ihnen zu au\u00dfergew\u00f6hnlich g\u00fcnstigen Konditionen anbieten, die genannten Beitr\u00e4ge gelten f\u00fcr Inhaber*innen<br \/>\ninkl. \u00a02 angestellte Personen. Sollten Sie Versicherungsschutz f\u00fcr mehr Angestellte<br \/>\nben\u00f6tigen, unterbreiten wir Ihnen gerne ein Individuelles Angebot.<\/p>\n<p>bei 3 Mio. \u20ac Versicherungssumme \u00a0 \u00a0 \u00a079,00 \u20ac zzgl. 19% Versicherungssteuer = \u00a0\u00a0<strong>94,01 \u20ac<\/strong><\/p>\n<p>bei 5 Mio. \u20ac Versicherungssumme \u00a0 \u00a0 \u00a095,00 \u20ac zzgl. 19% Versicherungssteuer = <strong>113,05 \u20ac<\/strong><\/p>\n<p>bei 10 Mio. \u20ac Versicherungssumme \u00a0110,00 \u20ac zzgl. 19% Versicherungssteuer = <strong>130,19 \u20ac<\/strong><\/p>\n<p>Optionaler Einschluss <strong>Privathaftpflichtversicherung<\/strong> mit 10 Mio. \u20ac Versicherungssumme<br \/>\n59,00 \u20ac + 19% V-St. = <strong>70,21 \u20ac<\/strong><\/p>\n<p>Optionaler Einschluss \u00a0<strong>Hundehaftpflichteversicherung<\/strong> mit 10 Mio. Versicherungssumme 66,50 \u20ac zzgl. 19% V-St. = <strong>79,14 \u20ac\u00a0<\/strong><\/p>\n<p>Optionaler Einschluss von <strong>weiteren Angestellten<\/strong> ab 20,00 \u20ac zzgl. 19% V-St.= <strong>23,80 \u20ac<\/strong><\/p>\n<h3><\/h3>\n<h3>Serviceleistungen des Versicherers f\u00fcr Sie:<\/h3>\n<ol>\n<li>Pr\u00fcfen der Anspr\u00fcche, ob und in welcher H\u00f6he Pflicht zum Schadenersatz besteht<\/li>\n<li>Wiedergutmachung durch finanziellen Ausgleich, wenn der Anspruch begr\u00fcndet ist<\/li>\n<li>Abwehr, wenn die Anspr\u00fcche nicht berechtigt sind<\/li>\n<li>Kommt es zum Rechtsstreit, f\u00fchren wir den Prozess f\u00fcr Sie und tragen die Kosten<\/li>\n<\/ol>\n<h3><strong>Haben wir Ihr Interesse geweckt ?<\/strong><\/h3>\n<p>Weitere Informationen finden Sie auf unserer Spezialseite unter<\/p>\n<h3><strong><a href=\"http:\/\/www.fotohaftpflicht.de\/\" target=\"_blank\" rel=\"noopener noreferrer\">www.fotohaftpflicht.de<\/a><\/strong><\/h3>\n","protected":false},"excerpt":{"rendered":"<p>Die Berufshaftpflichtversicherung f\u00fcr Fotografen inkl. Drohnenhaftpflicht ab 94 \u20ac Bei einem Shooting werden die daf\u00fcr gemietete Requisiten besch\u00e4digt. Ein Passant f\u00e4llt \u00fcber das von Ihnen verlegte Kabel oder \u00fcber die abgestellte Tasche und verletzt sich schwer. Beim Empfang des B\u00fcrgermeisters bringen Sie versehentlich einen anderen Fotografen zu Fall wobei dessen Ausr\u00fcstung besch\u00e4digt wird. \u00a0Beim Flug &hellip; <a href=\"https:\/\/versicherungsmakler.site\/?page_id=117\" class=\"more-link\"><span class=\"screen-reader-text\">FotoHAFTpflicht PRO<\/span> weiterlesen <span class=\"meta-nav\">&rarr;<\/span><\/a><\/p>\n","protected":false},"author":1,"featured_media":0,"parent":86,"menu_order":1150,"comment_status":"closed","ping_status":"closed","template":"","meta":[],"aioseo_notices":[],"_links":{"self":[{"href":"https:\/\/versicherungsmakler.site\/index.php?rest_route=\/wp\/v2\/pages\/117"}],"collection":[{"href":"https:\/\/versicherungsmakler.site\/index.php?rest_route=\/wp\/v2\/pages"}],"about":[{"href":"https:\/\/versicherungsmakler.site\/index.php?rest_route=\/wp\/v2\/types\/page"}],"author":[{"embeddable":true,"href":"https:\/\/versicherungsmakler.site\/index.php?rest_route=\/wp\/v2\/users\/1"}],"replies":[{"embeddable":true,"href":"https:\/\/versicherungsmakler.site\/index.php?rest_route=%2Fwp%2Fv2%2Fcomments&post=117"}],"version-history":[{"count":4,"href":"https:\/\/versicherungsmakler.site\/index.php?rest_route=\/wp\/v2\/pages\/117\/revisions"}],"predecessor-version":[{"id":147,"href":"https:\/\/versicherungsmakler.site\/index.php?rest_route=\/wp\/v2\/pages\/117\/revisions\/147"}],"up":[{"embeddable":true,"href":"https:\/\/versicherungsmakler.site\/index.php?rest_route=\/wp\/v2\/pages\/86"}],"wp:attachment":[{"href":"https:\/\/versicherungsmakler.site\/index.php?rest_route=%2Fwp%2Fv2%2Fmedia&parent=117"}],"curies":[{"name":"wp","href":"https:\/\/api.w.org\/{rel}","templated":true}]}}